{"id":1055,"date":"2018-12-20T19:28:13","date_gmt":"2018-12-20T22:28:13","guid":{"rendered":"https:\/\/crear-lpa.infd.edu.ar\/sitio\/?page_id=1055"},"modified":"2023-12-14T19:50:52","modified_gmt":"2023-12-14T22:50:52","slug":"programas-musica","status":"publish","type":"page","link":"https:\/\/crear-lpa.infd.edu.ar\/sitio\/programas-musica\/","title":{"rendered":"Programas M\u00fasica"},"content":{"rendered":"<p><u>2023:<\/u><\/p>\n<ul>\n<li><a href=\"https:\/\/crear-lpa.infd.edu.ar\/sitio\/programas-musica-2023-1anio\/\">1\u00b0A\u00f1o<\/a><\/li>\n<li><a href=\"https:\/\/crear-lpa.infd.edu.ar\/sitio\/programas-musica-2023-2anio\/\">2\u00b0A\u00f1o<\/a><\/li>\n<li><a href=\"https:\/\/crear-lpa.infd.edu.ar\/sitio\/programas-musica-2023-3anio\/\">3\u00b0A\u00f1o<\/a><\/li>\n<li><a href=\"https:\/\/crear-lpa.infd.edu.ar\/sitio\/programas-musica-2023-4anio\/\">4\u00b0A\u00f1o<\/a><\/li>\n<\/ul>\n<p><u>2022:<\/u><\/p>\n<ul>\n<li><a href=\"https:\/\/crear-lpa.infd.edu.ar\/sitio\/programas-musica-2022-1anio\/\">1\u00b0A\u00f1o<\/a><\/li>\n<li><a href=\"https:\/\/crear-lpa.infd.edu.ar\/sitio\/programas-musica-2022-2anio\/\">2\u00b0A\u00f1o<\/a><\/li>\n<li><a href=\"https:\/\/crear-lpa.infd.edu.ar\/sitio\/programas-musica-2022-3anio\/\">3\u00b0A\u00f1o<\/a><\/li>\n<li><a href=\"https:\/\/crear-lpa.infd.edu.ar\/sitio\/programas-musica-2022-4anio\/\">4\u00b0A\u00f1o<\/a><\/li>\n<\/ul>\n<p>Ya se encuentran disponibles para descargar en archivos comprimidos (.zip) los programas del Profesorado de Artes en M\u00fasica.<\/p>\n<p><u>2021:<\/u><\/p>\n<ul>\n<li>Trayectos Formativos (<a href=\"https:\/\/crear-lpa.infd.edu.ar\/sitio\/wp-content\/uploads\/2022\/02\/Programa-de-examen-libre-GUITARRA-Trayecto-2021.docx-2.pdf\">Guitarra<\/a> &#8211; <a href=\"https:\/\/crear-lpa.infd.edu.ar\/sitio\/wp-content\/uploads\/2022\/02\/Programa-PIANO-Trayecto-Formativo-2021-1.pdf\">Piano<\/a> &#8211;<a href=\"https:\/\/crear-lpa.infd.edu.ar\/sitio\/wp-content\/uploads\/2022\/02\/Programa-de-examen-Taller-de-lectura-comprension-y-produccion-de-textos-2021-1.pdf\"> Lectura, comprensi\u00f3n y producci\u00f3n de textos<\/a>)<\/li>\n<\/ul>\n<p><u>2019:<\/u><\/p>\n<ul>\n<li><a href=\"https:\/\/crear-lpa.infd.edu.ar\/sitio\/wp-content\/uploads\/2019\/12\/Programas1\u00b0Musica2019.zip\">1\u00b0A\u00f1o<\/a><\/li>\n<li><a href=\"https:\/\/crear-lpa.infd.edu.ar\/sitio\/wp-content\/uploads\/2019\/12\/Programas2\u00b0Musica2019.zip\">2\u00b0A\u00f1o<\/a><\/li>\n<li><a href=\"https:\/\/crear-lpa.infd.edu.ar\/sitio\/wp-content\/uploads\/2019\/12\/Programas3\u00b0Musica2019.zip\">3\u00b0A\u00f1o<\/a><\/li>\n<li><a href=\"https:\/\/crear-lpa.infd.edu.ar\/sitio\/wp-content\/uploads\/2019\/12\/Programas4\u00b0Musica2019.zip\">4\u00b0A\u00f1o<\/a><\/li>\n<\/ul>\n<p><u>2018:<\/u><\/p>\n<ul>\n<li><a href=\"https:\/\/crear-lpa.infd.edu.ar\/sitio\/wp-content\/uploads\/2018\/12\/ProgramasMusica1\u00b0a\u00f1oParte1.zip\">1\u00b0 A\u00f1o Parte I<\/a><\/li>\n<li><a href=\"https:\/\/crear-lpa.infd.edu.ar\/sitio\/wp-content\/uploads\/2018\/12\/ProgramasMusica1\u00b0a\u00f1oParte2.zip\">1\u00b0 A\u00f1o Parte II<\/a><\/li>\n<li><a href=\"https:\/\/crear-lpa.infd.edu.ar\/sitio\/wp-content\/uploads\/2018\/12\/ProgramasMusica2\u00b0a\u00f1oParte1.zip\">2\u00b0 A\u00f1o Parte I<\/a><\/li>\n<li><a href=\"https:\/\/crear-lpa.infd.edu.ar\/sitio\/wp-content\/uploads\/2018\/12\/ProgramasMusica2\u00b0a\u00f1oParte2.zip\">2\u00b0 A\u00f1o Parte II<\/a><\/li>\n<li><a href=\"https:\/\/crear-lpa.infd.edu.ar\/sitio\/wp-content\/uploads\/2018\/12\/ProgramasMusica3\u00b0a\u00f1o.zip\">3\u00b0 A\u00f1o<\/a><\/li>\n<li><a href=\"https:\/\/crear-lpa.infd.edu.ar\/sitio\/wp-content\/uploads\/2018\/12\/ProgramasMusica4\u00b0A\u00f1o.zip\">4\u00b0 A\u00f1o<\/a><\/li>\n<\/ul>\n","protected":false},"excerpt":{"rendered":"<p>2023: 1\u00b0A\u00f1o 2\u00b0A\u00f1o 3\u00b0A\u00f1o 4\u00b0A\u00f1o 2022: 1\u00b0A\u00f1o 2\u00b0A\u00f1o 3\u00b0A\u00f1o 4\u00b0A\u00f1o Ya se encuentran disponibles para descargar en archivos comprimidos (.zip) los programas del Profesorado de Artes en M\u00fasica. 2021: Trayectos Formativos (Guitarra &#8211; Piano &#8211; Lectura, comprensi\u00f3n y producci\u00f3n de textos) 2019: 1\u00b0A\u00f1o 2\u00b0A\u00f1o 3\u00b0A\u00f1o 4\u00b0A\u00f1o 2018: 1\u00b0 A\u00f1o Parte I 1\u00b0 A\u00f1o Parte II &#8230; <a title=\"Programas M\u00fasica\" class=\"read-more\" href=\"https:\/\/crear-lpa.infd.edu.ar\/sitio\/programas-musica\/\" aria-label=\"More on Programas M\u00fasica\">[+]<\/a><\/p>\n","protected":false},"author":32,"featured_media":0,"parent":0,"menu_order":0,"comment_status":"closed","ping_status":"closed","template":"","meta":[],"acf":[],"_links":{"self":[{"href":"https:\/\/crear-lpa.infd.edu.ar\/sitio\/wp-json\/wp\/v2\/pages\/1055"}],"collection":[{"href":"https:\/\/crear-lpa.infd.edu.ar\/sitio\/wp-json\/wp\/v2\/pages"}],"about":[{"href":"https:\/\/crear-lpa.infd.edu.ar\/sitio\/wp-json\/wp\/v2\/types\/page"}],"author":[{"embeddable":true,"href":"https:\/\/crear-lpa.infd.edu.ar\/sitio\/wp-json\/wp\/v2\/users\/32"}],"replies":[{"embeddable":true,"href":"https:\/\/crear-lpa.infd.edu.ar\/sitio\/wp-json\/wp\/v2\/comments?post=1055"}],"version-history":[{"count":30,"href":"https:\/\/crear-lpa.infd.edu.ar\/sitio\/wp-json\/wp\/v2\/pages\/1055\/revisions"}],"predecessor-version":[{"id":2199,"href":"https:\/\/crear-lpa.infd.edu.ar\/sitio\/wp-json\/wp\/v2\/pages\/1055\/revisions\/2199"}],"wp:attachment":[{"href":"https:\/\/crear-lpa.infd.edu.ar\/sitio\/wp-json\/wp\/v2\/media?parent=1055"}],"curies":[{"name":"wp","href":"https:\/\/api.w.org\/{rel}","templated":true}]}}