{"id":1822,"date":"2023-05-23T18:51:22","date_gmt":"2023-05-23T21:51:22","guid":{"rendered":"https:\/\/crear-lpa.infd.edu.ar\/sitio\/?page_id=1822"},"modified":"2023-12-14T18:46:01","modified_gmt":"2023-12-14T21:46:01","slug":"programas-musica-2022-1anio","status":"publish","type":"page","link":"https:\/\/crear-lpa.infd.edu.ar\/sitio\/programas-musica-2022-1anio\/","title":{"rendered":"Programas M\u00fasica &#8211; 2022 &#8211; 1\u00b0A\u00f1o"},"content":{"rendered":"\n<ul>\n<li><a href=\"https:\/\/crear-lpa.infd.edu.ar\/sitio\/wp-content\/uploads\/2023\/05\/Alfabetizacion-academica-Luciana-Ferratto.pdf\">Alfabetizaci\u00f3n acad\u00e9mica &#8211; Luciana Ferratto.<\/a><\/li>\n\n\n\n<li><a href=\"https:\/\/crear-lpa.infd.edu.ar\/sitio\/wp-content\/uploads\/2023\/05\/Alfabetizacion-academica-Luciana-Ferratto-ANEXO-del-Programa_Consigna-Producc-Socializadora-2022.pdf\">Alfabetizaci\u00f3n acad\u00e9mica &#8211; Luciana Ferratto &#8211; ANEXO del Programa. Consigna Producci\u00f3n Socializadora.<\/a><\/li>\n\n\n\n<li><a href=\"https:\/\/crear-lpa.infd.edu.ar\/sitio\/wp-content\/uploads\/2023\/05\/Armonia-apicada-a-la-Pract.-Esc-I-Prof.-Diego-Diaz.pdf\">Armon\u00eda aplicada a la Pr\u00e1ctica Escolar I &#8211; Prof. Diego D\u00edaz.<\/a><\/li>\n\n\n\n<li><a href=\"https:\/\/crear-lpa.infd.edu.ar\/sitio\/wp-content\/uploads\/2023\/05\/Armonia-aplicada-a-la-Prac.-Esc-I-Prof.-Laura-Re.pdf\">Armon\u00eda aplicada a la Pr\u00e1ctica Escolar I &#8211; Prof. Laura Re.<\/a><\/li>\n\n\n\n<li><a href=\"https:\/\/crear-lpa.infd.edu.ar\/sitio\/wp-content\/uploads\/2023\/05\/EDI-I-Expresion-Corporal-Prof.-Pablo-Ruggeri.pdf\">EDI I Expresi\u00f3n Corporal &#8211; Prof. Pablo Ruggeri.<\/a><\/li>\n\n\n\n<li><a href=\"https:\/\/crear-lpa.infd.edu.ar\/sitio\/wp-content\/uploads\/2023\/05\/Foniatria_Prof.-Adriana-Zaffrani.pdf\">Foniatr\u00eda &#8211; Prof. Adriana Zaffrani.<\/a><\/li>\n\n\n\n<li><a href=\"https:\/\/crear-lpa.infd.edu.ar\/sitio\/wp-content\/uploads\/2023\/05\/Formacion-Vocal-I-Prof.-Cristian-Machado.pdf\">Formaci\u00f3n Vocal I &#8211; Prof. Cristian Machado.<\/a><\/li>\n\n\n\n<li><a href=\"https:\/\/crear-lpa.infd.edu.ar\/sitio\/wp-content\/uploads\/2023\/05\/Formacion-vocal-I-Prof.-Fernanda-Ataun.pdf\">Formaci\u00f3n vocal I &#8211; Prof. Fernanda Ata\u00fan.<\/a><\/li>\n\n\n\n<li><a href=\"https:\/\/crear-lpa.infd.edu.ar\/sitio\/wp-content\/uploads\/2023\/05\/Formacion-vocal-I-Prof.-Ma.-Antonia-Poggi.pdf\">Formaci\u00f3n vocal I &#8211; Prof. Ma. Antonia Poggi.<\/a><\/li>\n\n\n\n<li><a href=\"https:\/\/crear-lpa.infd.edu.ar\/sitio\/wp-content\/uploads\/2023\/05\/Guitarra-Complementaria-I-Prof.-Atilio-Abarca.pdf\">Guitarra Complementaria I &#8211; Prof. Atilio Abarca.<\/a><\/li>\n\n\n\n<li><a href=\"https:\/\/crear-lpa.infd.edu.ar\/sitio\/wp-content\/uploads\/2023\/05\/Guitarra-Complementaria-I-Prof.-Cristian-Mitzig..pdf\">Guitarra Complementaria I &#8211; Prof. Cristian Mitzig.<\/a><\/li>\n\n\n\n<li><a href=\"https:\/\/crear-lpa.infd.edu.ar\/sitio\/wp-content\/uploads\/2023\/05\/Guitarra-I-Prof.-Cristian-Mitzig.pdf\">Guitarra I &#8211; Prof. Cristian Mitzig.<\/a><\/li>\n\n\n\n<li><a href=\"https:\/\/crear-lpa.infd.edu.ar\/sitio\/wp-content\/uploads\/2023\/05\/Guitarra-I_Prof.-Atilio-Abarca.pdf\">Guitarra I &#8211; Prof. Atilio Abarca.<\/a><\/li>\n\n\n\n<li><a href=\"https:\/\/crear-lpa.infd.edu.ar\/sitio\/wp-content\/uploads\/2023\/05\/Historia-de-la-Cultura-argentina-y-latinoamericana-Prof-Hernan-Bacha.pdf\">Historia de la Cultura argentina y latinoamericana &#8211; Prof. Hern\u00e1n Bacha.<\/a><\/li>\n\n\n\n<li><a href=\"https:\/\/crear-lpa.infd.edu.ar\/sitio\/wp-content\/uploads\/2023\/05\/Historia-de-la-Cultura-Argentina-y-Latinoamericana-Prof.-Sebastian-Schneider.pdf\">Historia de la Cultura Argentina y Latinoamericana &#8211; Prof. Sebasti\u00e1n Schneider.<\/a><\/li>\n\n\n\n<li><a href=\"https:\/\/crear-lpa.infd.edu.ar\/sitio\/wp-content\/uploads\/2023\/05\/Lenguaje-Musical-I_Libre.pdf\">Lenguaje Musical I &#8211; Libre.<\/a><\/li>\n\n\n\n<li><a href=\"https:\/\/crear-lpa.infd.edu.ar\/sitio\/wp-content\/uploads\/2023\/05\/Lenguaje-musical-I_Prof.-Ma.-Antonia-Poggi.pdf\">Lenguaje musical I &#8211; Prof. Ma. Antonia Poggi.<\/a><\/li>\n\n\n\n<li><a href=\"https:\/\/crear-lpa.infd.edu.ar\/sitio\/wp-content\/uploads\/2023\/05\/Pedagogia-Prof.-AngelaTapia.pdf\">Pedagog\u00eda &#8211; Prof. AngelaTapia.<\/a><\/li>\n\n\n\n<li><a href=\"https:\/\/crear-lpa.infd.edu.ar\/sitio\/wp-content\/uploads\/2023\/05\/Pedagogia-Prof.-Daniel-Prezzavento.pdf\">Pedagog\u00eda &#8211; Prof. Daniel Prezzavento.<\/a><\/li>\n\n\n\n<li><a href=\"https:\/\/crear-lpa.infd.edu.ar\/sitio\/wp-content\/uploads\/2023\/05\/Piano-Complementario-I_Prof.-Ma.-Antonia-Poggi.pdf\">Piano Complementario I &#8211; Prof. Ma. Antonia Poggi.<\/a><\/li>\n\n\n\n<li><a href=\"https:\/\/crear-lpa.infd.edu.ar\/sitio\/wp-content\/uploads\/2023\/05\/Piano-complementario-I-Prof.-Alberto-Gatica.pdf\">Piano complementario I &#8211; Prof. Alberto Gatica.<\/a><\/li>\n\n\n\n<li><a href=\"https:\/\/crear-lpa.infd.edu.ar\/sitio\/wp-content\/uploads\/2023\/05\/Piano-I-Prof.-Laura-Re.pdf\">Piano I &#8211; Prof. Laura R\u00e9.<\/a><\/li>\n\n\n\n<li><a href=\"https:\/\/crear-lpa.infd.edu.ar\/sitio\/wp-content\/uploads\/2023\/05\/Piano-I-Prof.-Viviana-Dal-Santo.pdf\">Piano I &#8211; Prof. Viviana Dal Santo.<\/a><\/li>\n\n\n\n<li><a href=\"https:\/\/crear-lpa.infd.edu.ar\/sitio\/wp-content\/uploads\/2023\/05\/Practica-y-Reflexion-Docente-I-Prof.-Tapia_Mansilla.pdf\">Pr\u00e1ctica y Reflexi\u00f3n Docente I &#8211; Prof. Tapia &#8211; Mansilla.<\/a><\/li>\n\n\n\n<li><a href=\"https:\/\/crear-lpa.infd.edu.ar\/sitio\/wp-content\/uploads\/2023\/05\/Practica-y-Reflexion-Docente-I-Prof.-Villalba_Mugabure.pdf\">Pr\u00e1ctica y Reflexi\u00f3n Docente I &#8211; Prof. Villalba &#8211; Mugabure.<\/a><\/li>\n<\/ul>\n","protected":false},"excerpt":{"rendered":"","protected":false},"author":32,"featured_media":0,"parent":0,"menu_order":0,"comment_status":"closed","ping_status":"closed","template":"","meta":[],"acf":[],"_links":{"self":[{"href":"https:\/\/crear-lpa.infd.edu.ar\/sitio\/wp-json\/wp\/v2\/pages\/1822"}],"collection":[{"href":"https:\/\/crear-lpa.infd.edu.ar\/sitio\/wp-json\/wp\/v2\/pages"}],"about":[{"href":"https:\/\/crear-lpa.infd.edu.ar\/sitio\/wp-json\/wp\/v2\/types\/page"}],"author":[{"embeddable":true,"href":"https:\/\/crear-lpa.infd.edu.ar\/sitio\/wp-json\/wp\/v2\/users\/32"}],"replies":[{"embeddable":true,"href":"https:\/\/crear-lpa.infd.edu.ar\/sitio\/wp-json\/wp\/v2\/comments?post=1822"}],"version-history":[{"count":2,"href":"https:\/\/crear-lpa.infd.edu.ar\/sitio\/wp-json\/wp\/v2\/pages\/1822\/revisions"}],"predecessor-version":[{"id":2161,"href":"https:\/\/crear-lpa.infd.edu.ar\/sitio\/wp-json\/wp\/v2\/pages\/1822\/revisions\/2161"}],"wp:attachment":[{"href":"https:\/\/crear-lpa.infd.edu.ar\/sitio\/wp-json\/wp\/v2\/media?parent=1822"}],"curies":[{"name":"wp","href":"https:\/\/api.w.org\/{rel}","templated":true}]}}