{"id":1849,"date":"2023-05-30T18:16:08","date_gmt":"2023-05-30T21:16:08","guid":{"rendered":"https:\/\/crear-lpa.infd.edu.ar\/sitio\/?page_id=1849"},"modified":"2023-12-14T19:42:39","modified_gmt":"2023-12-14T22:42:39","slug":"programas-musica-2022-4anio","status":"publish","type":"page","link":"https:\/\/crear-lpa.infd.edu.ar\/sitio\/programas-musica-2022-4anio\/","title":{"rendered":"Programas M\u00fasica \u2013 2022 \u2013 4\u00b0A\u00f1o"},"content":{"rendered":"\n<ul>\n<li><a href=\"https:\/\/crear-lpa.infd.edu.ar\/sitio\/wp-content\/uploads\/2023\/05\/EDI-III_-PRODUCCION-DE-MATERIAL-DIDACTICO_Schiavi-Gon.pdf\">EDI III Producci\u00f3n de material did\u00e1ctico &#8211; Prof. Schiavi Gon.<\/a><\/li>\n\n\n\n<li><a href=\"https:\/\/crear-lpa.infd.edu.ar\/sitio\/wp-content\/uploads\/2023\/05\/El-arte-en-la-ed.-especial_Valinotti.pdf\">El arte en la educaci\u00f3n especial &#8211; Prof. Valinotti.<\/a><\/li>\n\n\n\n<li><a href=\"https:\/\/crear-lpa.infd.edu.ar\/sitio\/wp-content\/uploads\/2023\/05\/Guitarra-IV_Abarca.pdf\">Guitarra IV &#8211; Prof. Abarca.<\/a><\/li>\n\n\n\n<li><a href=\"https:\/\/crear-lpa.infd.edu.ar\/sitio\/wp-content\/uploads\/2023\/05\/Hist-de-la-Musica-II-Prof.-Diego-Diaz.pdf\">Historia de la M\u00fasica II &#8211; Prof. Diego D\u00edaz.<\/a><\/li>\n\n\n\n<li><a href=\"https:\/\/crear-lpa.infd.edu.ar\/sitio\/wp-content\/uploads\/2023\/05\/Lenguaje-Musical-4_Schiavi-Gon.pdf\">Lenguaje Musical IV &#8211; Prof. Schiavi Gon.<\/a><\/li>\n\n\n\n<li><a href=\"https:\/\/crear-lpa.infd.edu.ar\/sitio\/wp-content\/uploads\/2023\/05\/Piano-IV_Viviana-Dal-Santo.pdf\">Piano IV &#8211; Prof. Viviana Dal Santo.<\/a><\/li>\n\n\n\n<li><a href=\"https:\/\/crear-lpa.infd.edu.ar\/sitio\/wp-content\/uploads\/2023\/05\/PRACTICA-DE-DIRECCION-CORAL_Acosta-Juarez.pdf\">Pr\u00e1ctica de direcci\u00f3n coral &#8211; Prof. Acosta Ju\u00e1rez.<\/a><\/li>\n\n\n\n<li><a href=\"https:\/\/crear-lpa.infd.edu.ar\/sitio\/wp-content\/uploads\/2023\/05\/Produccion-musical-II_Schiavi-Gon.pdf\">Producci\u00f3n musical II &#8211; Prof. Schiavi Gon.<\/a><\/li>\n\n\n\n<li><a href=\"https:\/\/crear-lpa.infd.edu.ar\/sitio\/wp-content\/uploads\/2023\/05\/Residencia-Pedagogica_MansillaGarcia.pdf\">Residencia Pedag\u00f3gica &#8211; Prof. Mansilla Garc\u00eda.<\/a><\/li>\n<\/ul>\n","protected":false},"excerpt":{"rendered":"","protected":false},"author":32,"featured_media":0,"parent":0,"menu_order":0,"comment_status":"closed","ping_status":"closed","template":"","meta":[],"acf":[],"_links":{"self":[{"href":"https:\/\/crear-lpa.infd.edu.ar\/sitio\/wp-json\/wp\/v2\/pages\/1849"}],"collection":[{"href":"https:\/\/crear-lpa.infd.edu.ar\/sitio\/wp-json\/wp\/v2\/pages"}],"about":[{"href":"https:\/\/crear-lpa.infd.edu.ar\/sitio\/wp-json\/wp\/v2\/types\/page"}],"author":[{"embeddable":true,"href":"https:\/\/crear-lpa.infd.edu.ar\/sitio\/wp-json\/wp\/v2\/users\/32"}],"replies":[{"embeddable":true,"href":"https:\/\/crear-lpa.infd.edu.ar\/sitio\/wp-json\/wp\/v2\/comments?post=1849"}],"version-history":[{"count":3,"href":"https:\/\/crear-lpa.infd.edu.ar\/sitio\/wp-json\/wp\/v2\/pages\/1849\/revisions"}],"predecessor-version":[{"id":2195,"href":"https:\/\/crear-lpa.infd.edu.ar\/sitio\/wp-json\/wp\/v2\/pages\/1849\/revisions\/2195"}],"wp:attachment":[{"href":"https:\/\/crear-lpa.infd.edu.ar\/sitio\/wp-json\/wp\/v2\/media?parent=1849"}],"curies":[{"name":"wp","href":"https:\/\/api.w.org\/{rel}","templated":true}]}}