{"id":2096,"date":"2023-12-12T17:41:29","date_gmt":"2023-12-12T20:41:29","guid":{"rendered":"https:\/\/crear-lpa.infd.edu.ar\/sitio\/?page_id=2096"},"modified":"2023-12-19T17:47:22","modified_gmt":"2023-12-19T20:47:22","slug":"programas-danza-2023-1anio","status":"publish","type":"page","link":"https:\/\/crear-lpa.infd.edu.ar\/sitio\/programas-danza-2023-1anio\/","title":{"rendered":"Programas Danza \u2013 2023 \u2013 1\u00b0A\u00f1o"},"content":{"rendered":"\n<p><\/p>\n\n\n\n<ul id=\"block-824d19cf-230d-4cc9-bd82-60dfbb275e60\">\n<li><a href=\"https:\/\/crear-lpa.infd.edu.ar\/sitio\/wp-content\/uploads\/2023\/12\/Anatomia-y-analisis-del-movimiento-aplicado_Prof.-Pablo-Ruggeri.pdf\">Anatom\u00eda y an\u00e1lisis del movimiento aplicado a la Danza &#8211; Prof. Pablo Ruggeri.<\/a><\/li>\n\n\n\n<li><a href=\"https:\/\/crear-lpa.infd.edu.ar\/sitio\/wp-content\/uploads\/2023\/12\/Expresion-corporal-I_Prof.-Sombra_Miranda.pdf\">Expresi\u00f3n corporal I &#8211; Prof. Sombra\/Miranda.<\/a><\/li>\n\n\n\n<li><a href=\"https:\/\/crear-lpa.infd.edu.ar\/sitio\/wp-content\/uploads\/2023\/12\/Filosofia-de-la-educacion_Rocio-Sachs.pdf\">Filosof\u00eda de la educaci\u00f3n &#8211; Prof. Roc\u00edo Sachs.<\/a><\/li>\n\n\n\n<li><a href=\"https:\/\/crear-lpa.infd.edu.ar\/sitio\/wp-content\/uploads\/2023\/12\/Historia-de-la-danza_Gladys-Villalba.pdf\">Historia de la danza &#8211; Prof. Gladys Villalba.<\/a><\/li>\n\n\n\n<li><a href=\"https:\/\/crear-lpa.infd.edu.ar\/sitio\/wp-content\/uploads\/2023\/12\/Musica-y-Movimiento-I_Prof.-Gatica_Villalba.pdf\">M\u00fasica y Movimiento &#8211; Prof. Gatica\/Villalba.<\/a><\/li>\n\n\n\n<li><a href=\"https:\/\/crear-lpa.infd.edu.ar\/sitio\/wp-content\/uploads\/2023\/12\/Pedagogia_Prof.-Tapia.pdf\">Pedagog\u00eda &#8211; Prof. Angela Tapia.<\/a><\/li>\n\n\n\n<li><a href=\"https:\/\/crear-lpa.infd.edu.ar\/sitio\/wp-content\/uploads\/2023\/12\/Pract-y-Reflex-Doc-l_Prof.-Griselda-Rosana-B.-Conde_Prof.-Gabriela-R.-Miranda.pdf\">Pr\u00e1ctica y Reflexi\u00f3n Docente &#8211; Prof. Conde\/Miranda.<\/a><\/li>\n\n\n\n<li><a href=\"https:\/\/crear-lpa.infd.edu.ar\/sitio\/wp-content\/uploads\/2023\/12\/Psicologia-Educacional_Prof.-Adriana-Mugabure.pdf\">Psicolog\u00eda Educacional &#8211; Prof. Adriana Mugabure.<\/a><\/li>\n\n\n\n<li><a href=\"https:\/\/crear-lpa.infd.edu.ar\/sitio\/wp-content\/uploads\/2023\/12\/Tecnica-de-la-danza-folklorica-I_Prof.Magrassi_Sombra_Burgues.pdf\">T\u00e9cnica de la danza folkl\u00f3rica I &#8211; Prof. Magrassi\/Sombra\/Burgu\u00e9s.<\/a><\/li>\n<\/ul>\n","protected":false},"excerpt":{"rendered":"","protected":false},"author":32,"featured_media":0,"parent":0,"menu_order":0,"comment_status":"closed","ping_status":"closed","template":"","meta":[],"acf":[],"_links":{"self":[{"href":"https:\/\/crear-lpa.infd.edu.ar\/sitio\/wp-json\/wp\/v2\/pages\/2096"}],"collection":[{"href":"https:\/\/crear-lpa.infd.edu.ar\/sitio\/wp-json\/wp\/v2\/pages"}],"about":[{"href":"https:\/\/crear-lpa.infd.edu.ar\/sitio\/wp-json\/wp\/v2\/types\/page"}],"author":[{"embeddable":true,"href":"https:\/\/crear-lpa.infd.edu.ar\/sitio\/wp-json\/wp\/v2\/users\/32"}],"replies":[{"embeddable":true,"href":"https:\/\/crear-lpa.infd.edu.ar\/sitio\/wp-json\/wp\/v2\/comments?post=2096"}],"version-history":[{"count":4,"href":"https:\/\/crear-lpa.infd.edu.ar\/sitio\/wp-json\/wp\/v2\/pages\/2096\/revisions"}],"predecessor-version":[{"id":2212,"href":"https:\/\/crear-lpa.infd.edu.ar\/sitio\/wp-json\/wp\/v2\/pages\/2096\/revisions\/2212"}],"wp:attachment":[{"href":"https:\/\/crear-lpa.infd.edu.ar\/sitio\/wp-json\/wp\/v2\/media?parent=2096"}],"curies":[{"name":"wp","href":"https:\/\/api.w.org\/{rel}","templated":true}]}}