{"id":2345,"date":"2024-03-07T18:38:20","date_gmt":"2024-03-07T21:38:20","guid":{"rendered":"https:\/\/crear-lpa.infd.edu.ar\/sitio\/?page_id=2345"},"modified":"2024-03-07T19:31:32","modified_gmt":"2024-03-07T22:31:32","slug":"programas-artes-visuales-2023-4anio","status":"publish","type":"page","link":"https:\/\/crear-lpa.infd.edu.ar\/sitio\/programas-artes-visuales-2023-4anio\/","title":{"rendered":"Programas Artes Visuales \u2013 2023 \u2013 4\u00b0A\u00f1o"},"content":{"rendered":"\n<p><a href=\"https:\/\/crear-lpa.infd.edu.ar\/#facebook\" rel=\"noreferrer noopener\" target=\"_blank\"><\/a><\/p>\n\n\n\n<ul>\n<li><a href=\"https:\/\/crear-lpa.infd.edu.ar\/sitio\/wp-content\/uploads\/2024\/03\/EDI-I_Lenguajes-integrados_Prof.-Dal-Santo_Villalba_DiazFernandez_Miranda_Carabajal.pdf\">EDI I &#8211; Lenguajes integrados &#8211; Prof. Dal Santo\/Villalba\/D\u00edaz Fern\u00e1ndez\/Miranda\/Carabajal.<\/a><\/li>\n\n\n\n<li><a href=\"https:\/\/crear-lpa.infd.edu.ar\/sitio\/wp-content\/uploads\/2024\/03\/EDI-II_Arte-Publico_intervenciones-urbanas_Prof.-Agustina-Ricci.pdf\">EDI II &#8211; Arte P\u00fablico &#8211; Intervenciones urbanas &#8211; Prof. Agustina Ricci.<\/a><\/li>\n\n\n\n<li><a href=\"https:\/\/crear-lpa.infd.edu.ar\/sitio\/wp-content\/uploads\/2024\/03\/EDII_ArtePublico_Senalando-cultura_Prof.-Mirta-Funaro.pdf\">EDI II &#8211; Arte P\u00fablico &#8211; Se\u00f1alando cultura &#8211; Prof. Mirta Funaro.<\/a><\/li>\n\n\n\n<li><a href=\"https:\/\/crear-lpa.infd.edu.ar\/sitio\/wp-content\/uploads\/2024\/03\/EDI-II_Diseno-Textil-Contemporaneo_Prof.-Andrea-Sape.pdf\">EDI II &#8211; Dise\u00f1o Textil Contempor\u00e1neo &#8211; Prof. Andrea Sape.<\/a><\/li>\n\n\n\n<li><a href=\"https:\/\/crear-lpa.infd.edu.ar\/sitio\/wp-content\/uploads\/2024\/03\/EDI-II-Laboratorio-de-Libros-de-Artista_Prof.-Loreley-Carcamo.pdf\">EDI II &#8211; Laboratorio de Libros de Artista &#8211; Prof. Loreley C\u00e1rcamo.<\/a><\/li>\n\n\n\n<li><a href=\"https:\/\/crear-lpa.infd.edu.ar\/sitio\/wp-content\/uploads\/2024\/03\/EDI-II-Nuevos-comportamientos-Artisticos-Collage-y-assnemblages_Prof.-Loreley-Carcamo.pdf\">EDI II &#8211; Nuevos comportamientos Art\u00edsticos Collage y assemblages &#8211; Prof. Loreley C\u00e1rcamo.<\/a><\/li>\n\n\n\n<li><a href=\"https:\/\/crear-lpa.infd.edu.ar\/sitio\/wp-content\/uploads\/2024\/03\/EDI-II_Pintura_Digital_Cabral_2023.pdf\">EDI II &#8211; Pintura Digital &#8211; Prof. Cabral.<\/a><\/li>\n\n\n\n<li><a href=\"https:\/\/crear-lpa.infd.edu.ar\/sitio\/wp-content\/uploads\/2024\/03\/El-arte-en-la-educacion-especial_Prof.-Macarena-Jalabert.pdf\">El arte en la educaci\u00f3n especial &#8211; Prof. Macarena Jalabert.<\/a><\/li>\n\n\n\n<li><a href=\"https:\/\/crear-lpa.infd.edu.ar\/sitio\/wp-content\/uploads\/2024\/03\/Escultura-y-su-Didatica-II_Monlezum_Funaro.pdf\">Escultura y su did\u00e1ctica II \u2013 Prof. Monlez\u00fan \u2013 Funaro.<\/a><\/li>\n\n\n\n<li><a href=\"https:\/\/crear-lpa.infd.edu.ar\/sitio\/wp-content\/uploads\/2024\/03\/Estetica_Prof.-Agustina-Ricci.pdf\">Est\u00e9tica &#8211; Prof. Agustina Ricci.<\/a><\/li>\n\n\n\n<li><a href=\"https:\/\/crear-lpa.infd.edu.ar\/sitio\/wp-content\/uploads\/2024\/03\/Estetica_Prof.-Simon-Bedotti-1.pdf\">Est\u00e9tica &#8211; Prof. Sim\u00f3n Bedotti.<\/a><\/li>\n\n\n\n<li><a href=\"https:\/\/crear-lpa.infd.edu.ar\/sitio\/wp-content\/uploads\/2024\/03\/Formacion-Etica-y-ciudadana_Prof.-Oscar-Gomez.pdf\">Formaci\u00f3n \u00c9tica y ciudadana &#8211; Prof. Oscar G\u00f3mez.<\/a><\/li>\n\n\n\n<li><a href=\"https:\/\/crear-lpa.infd.edu.ar\/sitio\/wp-content\/uploads\/2024\/03\/Grabado-y-su-didactica-II_Prof.-Dini-Calderon.pdf\">Grabado y su did\u00e1ctica II \u2013 Prof. Dini Calderon.<\/a><\/li>\n\n\n\n<li><a href=\"https:\/\/crear-lpa.infd.edu.ar\/sitio\/wp-content\/uploads\/2024\/03\/Grabado-y-su-didactica-II_Nestor-Dubie.pdf\">Grabado y su did\u00e1ctica II &#8211; Prof. N\u00e9stor Dubi\u00e9.<\/a><\/li>\n\n\n\n<li><a href=\"https:\/\/crear-lpa.infd.edu.ar\/sitio\/wp-content\/uploads\/2024\/03\/Lenguaje-visual-IV_Libres_Ricci-Fracca.pdf\">Lenguaje Visual IV &#8211; Libre &#8211; Prof. Fracca\/Ricci.<\/a><\/li>\n\n\n\n<li><a href=\"https:\/\/crear-lpa.infd.edu.ar\/sitio\/wp-content\/uploads\/2024\/03\/Pintura-y-su-didactica-II_Prof.-Brenda-Cabral.pdf\">Pintura y su did\u00e1ctica II \u2013 Prof. Brenda Cabral.<\/a><\/li>\n\n\n\n<li><a href=\"https:\/\/crear-lpa.infd.edu.ar\/sitio\/wp-content\/uploads\/2024\/03\/Residencia-Pedagogica_Prof.-Andrea-Sape_Prof.-Laura-Etchart.pdf\">Residencia Pedag\u00f3gica &#8211; Prof. Sape\/Etchart.<\/a><\/li>\n\n\n\n<li><a href=\"https:\/\/crear-lpa.infd.edu.ar\/sitio\/wp-content\/uploads\/2024\/03\/Tic_Prof.-Lautaro-Pagnutti.pdf\">Tic &#8211; Prof. Lautaro Pagnutti.<\/a><\/li>\n<\/ul>\n","protected":false},"excerpt":{"rendered":"","protected":false},"author":32,"featured_media":0,"parent":0,"menu_order":0,"comment_status":"closed","ping_status":"closed","template":"","meta":[],"acf":[],"_links":{"self":[{"href":"https:\/\/crear-lpa.infd.edu.ar\/sitio\/wp-json\/wp\/v2\/pages\/2345"}],"collection":[{"href":"https:\/\/crear-lpa.infd.edu.ar\/sitio\/wp-json\/wp\/v2\/pages"}],"about":[{"href":"https:\/\/crear-lpa.infd.edu.ar\/sitio\/wp-json\/wp\/v2\/types\/page"}],"author":[{"embeddable":true,"href":"https:\/\/crear-lpa.infd.edu.ar\/sitio\/wp-json\/wp\/v2\/users\/32"}],"replies":[{"embeddable":true,"href":"https:\/\/crear-lpa.infd.edu.ar\/sitio\/wp-json\/wp\/v2\/comments?post=2345"}],"version-history":[{"count":4,"href":"https:\/\/crear-lpa.infd.edu.ar\/sitio\/wp-json\/wp\/v2\/pages\/2345\/revisions"}],"predecessor-version":[{"id":2389,"href":"https:\/\/crear-lpa.infd.edu.ar\/sitio\/wp-json\/wp\/v2\/pages\/2345\/revisions\/2389"}],"wp:attachment":[{"href":"https:\/\/crear-lpa.infd.edu.ar\/sitio\/wp-json\/wp\/v2\/media?parent=2345"}],"curies":[{"name":"wp","href":"https:\/\/api.w.org\/{rel}","templated":true}]}}