{"id":925,"date":"2018-08-30T15:36:30","date_gmt":"2018-08-30T18:36:30","guid":{"rendered":"https:\/\/crear-lpa.infd.edu.ar\/sitio\/datos-institucionales\/"},"modified":"2025-11-06T17:41:14","modified_gmt":"2025-11-06T20:41:14","slug":"datos-institucionales","status":"publish","type":"page","link":"https:\/\/crear-lpa.infd.edu.ar\/sitio\/datos-institucionales\/","title":{"rendered":"Datos institucionales"},"content":{"rendered":"<blockquote>\n<h3 style=\"text-align: center;\"><\/h3>\n<table style=\"width: 565px; height: 370px;\" border=\"0\">\n<tbody>\n<tr>\n<td><img decoding=\"async\" style=\"border: 0;\" src=\"https:\/\/crear-lpa.infd.edu.ar\/sitio\/wp-content\/uploads\/2018\/08\/frente_vertical.jpg\" border=\"0\" \/><\/td>\n<td><\/td>\n<td><\/td>\n<td>\n<p style=\"text-align: center;\"><span style=\"font-size: 12pt; font-family: arial, helvetica, sans-serif;\" data-mce-mark=\"1\"><strong>CONTACTOS<\/strong><\/span><\/p>\n<p style=\"text-align: justify;\"><span style=\"font-size: 12pt; font-family: arial, helvetica, sans-serif;\" data-mce-mark=\"1\"><strong><span style=\"text-decoration: underline;\" data-mce-mark=\"1\">Direcci\u00f3n:<\/span>\u00a0<\/strong>Almirante Brown N\u00b0155<\/span><\/p>\n<p style=\"text-align: justify;\"><span style=\"font-size: 12pt; font-family: arial, helvetica, sans-serif;\" data-mce-mark=\"1\"><span style=\"text-decoration: underline;\" data-mce-mark=\"1\"><strong>C\u00f3digo Postal:<\/strong><\/span>\u00a06300<\/span><\/p>\n<p style=\"text-align: justify;\"><span style=\"font-size: 12pt; font-family: arial, helvetica, sans-serif;\" data-mce-mark=\"1\">Santa Rosa &#8211; La Pampa\u2013 Argentina<\/span><\/p>\n<p style=\"text-align: left;\"><span style=\"font-size: 12pt; font-family: arial, helvetica, sans-serif;\" data-mce-mark=\"1\"><span style=\"text-decoration: underline;\" data-mce-mark=\"1\"><strong>Tel\u00e9fono Secretar\u00eda:<\/strong><\/span><strong>\u00a0<\/strong>02954 &#8211;\u00a0387667<\/span><\/p>\n<p><span style=\"font-size: 12pt; font-family: arial, helvetica, sans-serif;\" data-mce-mark=\"1\"><span style=\"text-decoration: underline;\" data-mce-mark=\"1\"><strong>Correo electr\u00f3nico:<\/strong><\/span>\u00a0crear@lapampa.edu.ar<\/span><\/p>\n<p style=\"text-align: left;\"><span style=\"font-size: 12pt; font-family: arial, helvetica, sans-serif;\" data-mce-mark=\"1\"><strong><span style=\"text-decoration: underline;\">Tel\u00e9fono Departamento Estudiantil:<\/span>\u00a0<\/strong><\/span><span style=\"font-size: 12pt;\">02954-773473<\/span><\/p>\n<p><span style=\"font-size: 12pt; font-family: arial, helvetica, sans-serif;\" data-mce-mark=\"1\"><span style=\"text-decoration: underline;\" data-mce-mark=\"1\"><strong>Correo electr\u00f3nico:<\/strong><\/span> departamentoestudiantilcrear@gmail.com<\/span><\/p>\n<p style=\"text-align: justify;\"><span style=\"font-size: 12pt; font-family: arial, helvetica, sans-serif;\" data-mce-mark=\"1\"><span style=\"text-decoration: underline;\" data-mce-mark=\"1\"><strong>Turnos:<\/strong><\/span>\u00a0Tarde (14 a 18hs) &#8211; Noche (18 a 24hs)<\/span><\/p>\n<p style=\"text-align: justify;\"><span style=\"font-family: arial, helvetica, sans-serif; font-size: 12pt;\" data-mce-mark=\"1\">Las instalaciones de este instituto se encuentran en\u00a0 la localidad de Santa Rosa\u00a0 LA PAMPA, a unas seis cuadras de la plaza central.<\/span><\/p>\n<\/td>\n<\/tr>\n<\/tbody>\n<\/table>\n<p style=\"text-align: justify;\"><span style=\"font-family: arial, helvetica, sans-serif; font-size: 12pt;\">El Centro Regional de Educaci\u00f3n Art\u00edstica, CREAr, es una instituci\u00f3n de Formaci\u00f3n Docente de nivel superior no universitario, conformada por los Profesorados en Artes en M\u00fasica, en Artes Visuales y Danza. Forma parte del sistema de educaci\u00f3n p\u00fablica de gesti\u00f3n estatal.<\/span><\/p>\n<p style=\"text-align: justify;\"><span style=\"font-family: arial, helvetica, sans-serif; font-size: 12pt;\">Creado en el a\u00f1o 1999 por Decreto N\u00ba258\/99, se ha previsto que cumpla con las funciones de formaci\u00f3n docente, investigaci\u00f3n y extensi\u00f3n.<\/span><\/p>\n<p style=\"text-align: justify;\"><span style=\"font-family: arial, helvetica, sans-serif; font-size: 12pt;\">Este sitio en Internet tiene por finalidad poder comunicar novedades, acercar informaci\u00f3n, compartir experiencias, difundir proyectos, brindar apoyo y asesoramiento a estudiantes, docentes e interesados en formar parte de esta comunidad educativa.<\/span><\/p>\n<\/blockquote>\n","protected":false},"excerpt":{"rendered":"<p>CONTACTOS Direcci\u00f3n:\u00a0Almirante Brown N\u00b0155 C\u00f3digo Postal:\u00a06300 Santa Rosa &#8211; La Pampa\u2013 Argentina Tel\u00e9fono Secretar\u00eda:\u00a002954 &#8211;\u00a0387667 Correo electr\u00f3nico:\u00a0crear@lapampa.edu.ar Tel\u00e9fono Departamento Estudiantil:\u00a002954-773473 Correo electr\u00f3nico: departamentoestudiantilcrear@gmail.com Turnos:\u00a0Tarde (14 a 18hs) &#8211; Noche (18 a 24hs) Las instalaciones de este instituto se encuentran en\u00a0 la localidad de Santa Rosa\u00a0 LA PAMPA, a unas seis cuadras de la plaza central. &#8230; <a title=\"Datos institucionales\" class=\"read-more\" href=\"https:\/\/crear-lpa.infd.edu.ar\/sitio\/datos-institucionales\/\" aria-label=\"More on Datos institucionales\">[+]<\/a><\/p>\n","protected":false},"author":7,"featured_media":0,"parent":0,"menu_order":0,"comment_status":"closed","ping_status":"closed","template":"","meta":[],"acf":[],"_links":{"self":[{"href":"https:\/\/crear-lpa.infd.edu.ar\/sitio\/wp-json\/wp\/v2\/pages\/925"}],"collection":[{"href":"https:\/\/crear-lpa.infd.edu.ar\/sitio\/wp-json\/wp\/v2\/pages"}],"about":[{"href":"https:\/\/crear-lpa.infd.edu.ar\/sitio\/wp-json\/wp\/v2\/types\/page"}],"author":[{"embeddable":true,"href":"https:\/\/crear-lpa.infd.edu.ar\/sitio\/wp-json\/wp\/v2\/users\/7"}],"replies":[{"embeddable":true,"href":"https:\/\/crear-lpa.infd.edu.ar\/sitio\/wp-json\/wp\/v2\/comments?post=925"}],"version-history":[{"count":3,"href":"https:\/\/crear-lpa.infd.edu.ar\/sitio\/wp-json\/wp\/v2\/pages\/925\/revisions"}],"predecessor-version":[{"id":2755,"href":"https:\/\/crear-lpa.infd.edu.ar\/sitio\/wp-json\/wp\/v2\/pages\/925\/revisions\/2755"}],"wp:attachment":[{"href":"https:\/\/crear-lpa.infd.edu.ar\/sitio\/wp-json\/wp\/v2\/media?parent=925"}],"curies":[{"name":"wp","href":"https:\/\/api.w.org\/{rel}","templated":true}]}}