{"id":963,"date":"2018-08-30T15:36:46","date_gmt":"2018-08-30T18:36:46","guid":{"rendered":"https:\/\/crear-lpa.infd.edu.ar\/sitio\/regimen-de-correlatividades-3\/"},"modified":"2019-03-28T20:21:55","modified_gmt":"2019-03-28T23:21:55","slug":"regimen-de-correlatividades-3","status":"publish","type":"page","link":"https:\/\/crear-lpa.infd.edu.ar\/sitio\/regimen-de-correlatividades-3\/","title":{"rendered":"R\u00e9gimen de Correlatividades"},"content":{"rendered":"<h4>Profesorado de Artes en Danza<\/h4>\n<ul>\n<li>\n<h4 style=\"text-align: left;\">Dise\u00f1o 2015:<\/h4>\n<\/li>\n<\/ul>\n<p style=\"text-align: left;\"><a href=\"https:\/\/crear-lpa.infd.edu.ar\/sitio\/wp-content\/uploads\/2019\/02\/DisposicionDGES25-16CorrelatividadesEquivalenciasProfDanza.pdf\">\u00a0Descargar archivo en PDF\u00a0<\/a><\/p>\n<ul style=\"text-align: left;\">\n<li>\n<h4>Dise\u00f1o 2011:<\/h4>\n<\/li>\n<\/ul>\n<table border=\"0\">\n<tbody>\n<tr>\n<td style=\"background-color: #b0c4de;\"><span style=\"font-family: arial, helvetica, sans-serif;\"><strong>Para cursar<\/strong><\/span><\/td>\n<td style=\"background-color: #b0c4de;\"><span style=\"font-family: arial, helvetica, sans-serif;\"><strong>Debe tener cursada<\/strong><\/span><\/td>\n<td style=\"background-color: #b0c4de;\"><span style=\"font-family: arial, helvetica, sans-serif;\"><strong>Debe tener aprobada<\/strong><\/span><\/td>\n<\/tr>\n<tr>\n<td style=\"border: 1px solid #000000;\"><span style=\"font-family: arial, helvetica, sans-serif;\">Sociolog\u00eda de la Educaci\u00f3n<\/span><\/td>\n<td style=\"border: 1px solid #000000;\"><span style=\"font-family: arial, helvetica, sans-serif;\">Pedagog\u00eda<\/span><br \/>\n<span style=\"font-family: arial, helvetica, sans-serif;\">Filosof\u00eda de la Educaci\u00f3n<\/span><\/td>\n<td style=\"border: 1px solid #000000;\"><\/td>\n<\/tr>\n<tr>\n<td style=\"border: 1px solid #000000;\"><span style=\"font-family: arial, helvetica, sans-serif;\">Did\u00e1ctica General<\/span><\/td>\n<td style=\"border: 1px solid #000000;\"><span style=\"font-family: arial, helvetica, sans-serif;\">Pedagog\u00eda<\/span><br \/>\n<span style=\"font-family: arial, helvetica, sans-serif;\">Psicolog\u00eda Educacional<\/span><\/td>\n<td style=\"border: 1px solid #000000;\"><\/td>\n<\/tr>\n<tr>\n<td style=\"border: 1px solid #000000;\"><span style=\"font-family: arial, helvetica, sans-serif;\">Historia Sociocultural del Arte<\/span><\/td>\n<td style=\"border: 1px solid #000000;\"><span style=\"font-family: arial, helvetica, sans-serif;\">Filosof\u00eda de la Educaci\u00f3n<\/span><\/td>\n<td style=\"border: 1px solid #000000;\"><\/td>\n<\/tr>\n<tr>\n<td style=\"border: 1px solid #000000;\"><span style=\"font-family: arial, helvetica, sans-serif;\">Did\u00e1ctica de la Danza I<\/span><\/td>\n<td style=\"border: 1px solid #000000;\"><span style=\"font-family: arial, helvetica, sans-serif;\">Pedagog\u00eda<\/span><br \/>\n<span style=\"font-family: arial, helvetica, sans-serif;\">Psicolog\u00eda Educacional<\/span><br \/>\n<span style=\"font-family: arial, helvetica, sans-serif;\">T\u00e9cnicas de la Danzas Folkl\u00f3ricas I<\/span><\/td>\n<td style=\"border: 1px solid #000000;\"><\/td>\n<\/tr>\n<tr>\n<td style=\"border: 1px solid #000000;\"><span style=\"font-family: arial, helvetica, sans-serif;\">Sujetos de la Educaci\u00f3n I<\/span><\/td>\n<td style=\"border: 1px solid #000000;\"><span style=\"font-family: arial, helvetica, sans-serif;\">Pedagog\u00eda<\/span><br \/>\n<span style=\"font-family: arial, helvetica, sans-serif;\">Psicolog\u00eda Educacional<\/span><\/td>\n<td style=\"border: 1px solid #000000;\"><\/td>\n<\/tr>\n<tr>\n<td style=\"border: 1px solid #000000;\"><span style=\"font-family: arial, helvetica, sans-serif;\">Antecedentes Hist\u00f3ricos de las<\/span><br \/>\n<span style=\"font-family: arial, helvetica, sans-serif;\">Danzas Folkl\u00f3ricas Argentinas<\/span><\/td>\n<td style=\"border: 1px solid #000000;\"><span style=\"font-family: arial, helvetica, sans-serif;\">Historia de la Danza<\/span><\/td>\n<td style=\"border: 1px solid #000000;\"><\/td>\n<\/tr>\n<tr>\n<td style=\"border: 1px solid #000000;\"><span style=\"font-family: arial, helvetica, sans-serif;\">M\u00fasica y Movimiento II<\/span><\/td>\n<td style=\"border: 1px solid #000000;\"><span style=\"font-family: arial, helvetica, sans-serif;\">M\u00fasica y Movimiento I<\/span><\/td>\n<td style=\"border: 1px solid #000000;\"><\/td>\n<\/tr>\n<tr>\n<td style=\"border: 1px solid #000000;\"><span style=\"font-family: arial, helvetica, sans-serif;\">T\u00e9cnicas de la Danzas Folkl\u00f3ricas II<\/span><\/td>\n<td style=\"border: 1px solid #000000;\"><span style=\"font-family: arial, helvetica, sans-serif;\">T\u00e9cnicas de la Danzas Folkl\u00f3ricas I<\/span><br \/>\n<span style=\"font-family: arial, helvetica, sans-serif;\">M\u00fasica y Movimiento I<\/span><\/td>\n<td style=\"border: 1px solid #000000;\"><span style=\"font-family: arial, helvetica, sans-serif;\">Anatom\u00eda y An\u00e1lisis del Movimiento Aplicado a la Danza<\/span><\/td>\n<\/tr>\n<tr>\n<td style=\"border: 1px solid #000000;\"><span style=\"font-family: arial, helvetica, sans-serif;\">Expresi\u00f3n Corporal II<\/span><\/td>\n<td style=\"border: 1px solid #000000;\"><span style=\"font-family: arial, helvetica, sans-serif;\">Expresi\u00f3n Corporal I<\/span><br \/>\n<span style=\"font-family: arial, helvetica, sans-serif;\">M\u00fasica y Movimiento I<\/span><\/td>\n<td style=\"border: 1px solid #000000;\"><span style=\"font-family: arial, helvetica, sans-serif;\">Anatom\u00eda y An\u00e1lisis del Mov miento Aplicado a la Danza<\/span><\/td>\n<\/tr>\n<tr>\n<td style=\"border: 1px solid #000000;\"><span style=\"font-family: arial, helvetica, sans-serif;\">Historia de la Cultura Latinoamericana<\/span><\/td>\n<td style=\"border: 1px solid #000000;\"><span style=\"font-family: arial, helvetica, sans-serif;\">Historia Sociocultural del Arte<\/span><\/td>\n<td style=\"border: 1px solid #000000;\"><\/td>\n<\/tr>\n<tr>\n<td style=\"border: 1px solid #000000;\"><span style=\"font-family: arial, helvetica, sans-serif;\">Historia y Pol\u00edtica de la Educaci\u00f3n Argentina<\/span><\/td>\n<td style=\"border: 1px solid #000000;\"><\/td>\n<td style=\"border: 1px solid #000000;\"><span style=\"font-family: arial, helvetica, sans-serif;\">Sociolog\u00eda de la Educaci\u00f3n<\/span><\/td>\n<\/tr>\n<tr>\n<td style=\"border: 1px solid #000000;\"><span style=\"font-family: arial, helvetica, sans-serif;\">Danzas Cl\u00e1sicas<\/span><\/td>\n<td style=\"border: 1px solid #000000;\"><span style=\"font-family: arial, helvetica, sans-serif;\">T\u00e9cnicas de la Danzas Folkl\u00f3ricas II Expresi\u00f3n Corporal II<\/span><\/td>\n<td style=\"border: 1px solid #000000;\"><span style=\"font-family: arial, helvetica, sans-serif;\">T\u00e9cnicas de la Danzas Folkl\u00f3ricas I <\/span><br \/>\n<span style=\"font-family: arial, helvetica, sans-serif;\">M\u00fasica y Movimiento I <\/span><br \/>\n<span style=\"font-family: arial, helvetica, sans-serif;\">Expresi\u00f3n Corporal I<\/span><\/td>\n<\/tr>\n<tr>\n<td style=\"border: 1px solid #000000;\"><span style=\"font-family: arial, helvetica, sans-serif;\">Improvisaci\u00f3n e interpretaci\u00f3n Coreogr\u00e1fica<\/span><\/td>\n<td style=\"border: 1px solid #000000;\"><span style=\"font-family: arial, helvetica, sans-serif;\">T\u00e9cnicas de la Danzas Folkl\u00f3ricas II<\/span><br \/>\n<span style=\"font-family: arial, helvetica, sans-serif;\">Expresi\u00f3n Corporal II<\/span><\/td>\n<td style=\"border: 1px solid #000000;\"><span style=\"font-family: arial, helvetica, sans-serif;\">T\u00e9cnicas de la Danzas Folkl\u00f3ricas I<\/span><br \/>\n<span style=\"font-family: arial, helvetica, sans-serif;\">M\u00fasica y Movimiento I<\/span><\/td>\n<\/tr>\n<tr>\n<td style=\"border: 1px solid #000000;\"><span style=\"font-family: arial, helvetica, sans-serif;\">Did\u00e1ctica de la Danza II<\/span><\/td>\n<td style=\"border: 1px solid #000000;\"><span style=\"font-family: arial, helvetica, sans-serif;\">Did\u00e1ctica General Did\u00e1ctica de la Danza I<\/span><br \/>\n<span style=\"font-family: arial, helvetica, sans-serif;\">T\u00e9cnicas de la Danzas Folkl\u00f3ricas II<\/span><br \/>\n<span style=\"font-family: arial, helvetica, sans-serif;\">Expresi\u00f3n Corporal II<\/span><\/td>\n<td style=\"border: 1px solid #000000;\"><span style=\"font-family: arial, helvetica, sans-serif;\">Pedagog\u00eda<\/span><br \/>\n<span style=\"font-family: arial, helvetica, sans-serif;\">Psicolog\u00eda Educacional<\/span><\/td>\n<\/tr>\n<tr>\n<td style=\"border: 1px solid #000000;\"><span style=\"font-family: arial, helvetica, sans-serif;\">Sujetos de la Educaci\u00f3n II<\/span><\/td>\n<td style=\"border: 1px solid #000000;\"><span style=\"font-family: arial, helvetica, sans-serif;\">Sujetos de la Educaci\u00f3n I<\/span><br \/>\n<span style=\"font-family: arial, helvetica, sans-serif;\">T\u00e9cnicas de la Danzas Folkl\u00f3ricas II<\/span><br \/>\n<span style=\"font-family: arial, helvetica, sans-serif;\">Expresi\u00f3n Corporal II<\/span><\/td>\n<td style=\"border: 1px solid #000000;\"><span style=\"font-family: arial, helvetica, sans-serif;\">Pedagog\u00eda<\/span><br \/>\n<span style=\"font-family: arial, helvetica, sans-serif;\">Psicolog\u00eda Educacional<\/span><\/td>\n<\/tr>\n<tr>\n<td style=\"border: 1px solid #000000;\"><span style=\"font-family: arial, helvetica, sans-serif;\">T\u00e9cnicas de la Danzas Folkl\u00f3ricas III<\/span><\/td>\n<td style=\"border: 1px solid #000000;\"><span style=\"font-family: arial, helvetica, sans-serif;\">T\u00e9cnicas de la Danzas Folkl\u00f3ricas II<\/span><br \/>\n<span style=\"font-family: arial, helvetica, sans-serif;\">M\u00fasica y Movimiento II<\/span><\/td>\n<td style=\"border: 1px solid #000000;\"><span style=\"font-family: arial, helvetica, sans-serif;\">T\u00e9cnicas de la Danzas Folkl\u00f3ricas I<\/span><br \/>\n<span style=\"font-family: arial, helvetica, sans-serif;\">M\u00fasica y Movimiento I<\/span><\/td>\n<\/tr>\n<tr>\n<td style=\"border: 1px solid #000000;\"><span style=\"font-family: arial, helvetica, sans-serif;\">Pr\u00e1ctica Docente III: Residencia Pedag\u00f3gica<\/span><\/td>\n<td style=\"border: 1px solid #000000;\"><span style=\"font-family: arial, helvetica, sans-serif;\">Pr\u00e1ctica Docente II: Curr\u00edculum y Ense\u00f1anza<\/span><br \/>\n<span style=\"font-family: arial, helvetica, sans-serif;\">Todas las unidades curriculares de la Formaci\u00f3n Espec\u00edfica de 2\u00ba a\u00f1o<\/span><\/td>\n<td style=\"border: 1px solid #000000;\"><span style=\"font-family: arial, helvetica, sans-serif;\">Todas las unidades curriculares de la Formaci\u00f3n Espec\u00edfica de 1\u00ba a\u00f1o<\/span><\/td>\n<\/tr>\n<tr>\n<td style=\"border: 1px solid #000000;\"><span style=\"font-family: arial, helvetica, sans-serif;\">Problem\u00e1ticas contempor\u00e1neas en la Educaci\u00f3n Art\u00edstica<\/span><\/td>\n<td style=\"border: 1px solid #000000;\"><span style=\"font-family: arial, helvetica, sans-serif;\">Pr\u00e1ctica Docente II<\/span><br \/>\n<span style=\"font-family: arial, helvetica, sans-serif;\">Todas las unidades curriculares de la Formaci\u00f3n Espec\u00edfica de 2\u00ba a\u00f1o<\/span><\/td>\n<td style=\"border: 1px solid #000000;\"><span style=\"font-family: arial, helvetica, sans-serif;\">Todas las unidades curriculares de la Formaci\u00f3n Espec\u00edfica de 1\u00ba a\u00f1o<\/span><\/td>\n<\/tr>\n<tr>\n<td style=\"border: 1px solid #000000;\"><span style=\"font-family: arial, helvetica, sans-serif;\">Est\u00e9tica<\/span><\/td>\n<td style=\"border: 1px solid #000000;\"><span style=\"font-family: arial, helvetica, sans-serif;\">Historia de la Cultura Latinoamericana<\/span><\/td>\n<td style=\"border: 1px solid #000000;\"><span style=\"font-family: arial, helvetica, sans-serif;\">Filosof\u00eda de la Educaci\u00f3n<\/span><br \/>\n<span style=\"font-family: arial, helvetica, sans-serif;\">Historia Sociocultural del Arte<\/span><\/td>\n<\/tr>\n<tr>\n<td style=\"border: 1px solid #000000;\"><span style=\"font-family: arial, helvetica, sans-serif;\">Formaci\u00f3n \u00c9tica y Ciudadana<\/span><\/td>\n<td style=\"border: 1px solid #000000;\"><span style=\"font-family: arial, helvetica, sans-serif;\">Historia y Pol\u00edtica de la Educaci\u00f3n Argentina<\/span><br \/>\n<span style=\"font-family: arial, helvetica, sans-serif;\">Historia de la Cultura Latinoamericana<\/span><\/td>\n<td style=\"border: 1px solid #000000;\"><span style=\"font-family: arial, helvetica, sans-serif;\">Did\u00e1ctica General<\/span><br \/>\n<span style=\"font-family: arial, helvetica, sans-serif;\">Filosof\u00eda de la Educaci\u00f3n<\/span><\/td>\n<\/tr>\n<tr>\n<td style=\"border: 1px solid #000000;\"><span style=\"font-family: arial, helvetica, sans-serif;\">Danza Contempor\u00e1nea (EDI)<\/span><\/td>\n<td style=\"border: 1px solid #000000;\"><span style=\"font-family: arial, helvetica, sans-serif;\">Danza Cl\u00e1sica<\/span><\/td>\n<td style=\"border: 1px solid #000000;\"><span style=\"font-family: arial, helvetica, sans-serif;\">T\u00e9cnicas de la Danzas Folkl\u00f3ricas II<\/span><br \/>\n<span style=\"font-family: arial, helvetica, sans-serif;\">M\u00fasica y Movimiento II<\/span><br \/>\n<span style=\"font-family: arial, helvetica, sans-serif;\">Expresi\u00f3n Corporal II<\/span><\/td>\n<\/tr>\n<tr>\n<td style=\"border: 1px solid #000000;\"><span style=\"font-family: arial, helvetica, sans-serif;\">Producci\u00f3n Coreogr\u00e1fica y Puesta en Escena<\/span><\/td>\n<td style=\"border: 1px solid #000000;\"><span style=\"font-family: arial, helvetica, sans-serif;\">Tecnolog\u00eda de la Informaci\u00f3n y la Comunicaci\u00f3n<\/span><br \/>\n<span style=\"font-family: arial, helvetica, sans-serif;\">Improvisaci\u00f3n e interpretaci\u00f3n Coreogr\u00e1fica<\/span><br \/>\n<span style=\"font-family: arial, helvetica, sans-serif;\">T\u00e9cnicas de la Danzas Folkl\u00f3ricas III<\/span><\/td>\n<td style=\"border: 1px solid #000000;\"><span style=\"font-family: arial, helvetica, sans-serif;\">T\u00e9cnicas de la Danzas Folkl\u00f3ricas II<\/span><br \/>\n<span style=\"font-family: arial, helvetica, sans-serif;\">M\u00fasica y Movimiento II<\/span><br \/>\n<span style=\"font-family: arial, helvetica, sans-serif;\">Expresi\u00f3n Corporal II<\/span><\/td>\n<\/tr>\n<tr>\n<td style=\"border: 1px solid #000000;\"><span style=\"font-family: arial, helvetica, sans-serif;\">T\u00e9cnicas de la Danzas Folkl\u00f3ricas IV<\/span><\/td>\n<td style=\"border: 1px solid #000000;\"><span style=\"font-family: arial, helvetica, sans-serif;\">T\u00e9cnicas de la Danzas Folkl\u00f3ricas III<\/span><\/td>\n<td style=\"border: 1px solid #000000;\"><span style=\"font-family: arial, helvetica, sans-serif;\">T\u00e9cnicas de la Danzas Folkl\u00f3ricas II<\/span><br \/>\n<span style=\"font-family: arial, helvetica, sans-serif;\">M\u00fasica y Movimiento<\/span><\/td>\n<\/tr>\n<tr>\n<td style=\"border: 1px solid #000000;\"><span style=\"font-family: arial, helvetica, sans-serif;\">Investigaci\u00f3n y Educaci\u00f3n Art\u00edstica EDI (3)<\/span><\/td>\n<td style=\"border: 1px solid #000000;\"><span style=\"font-family: arial, helvetica, sans-serif;\">Pr\u00e1ctica Docente III<\/span><br \/>\n<span style=\"font-family: arial, helvetica, sans-serif;\">Todas las unidades curriculares de la Formaci\u00f3n Espec\u00edfica de 3\u00ba a\u00f1o<\/span><\/td>\n<td style=\"border: 1px solid #000000;\"><span style=\"font-family: arial, helvetica, sans-serif;\">Pr\u00e1ctica Docente II<\/span><br \/>\n<span style=\"font-family: arial, helvetica, sans-serif;\">Todas las unidades curriculares de la Formaci\u00f3n Espec\u00edfica 2\u00ba a\u00f1o<\/span><\/td>\n<\/tr>\n<tr>\n<td style=\"border: 1px solid #000000;\"><span style=\"font-family: arial, helvetica, sans-serif;\">Pr\u00e1ctica IV: Residencia Pedag\u00f3gica<\/span><\/td>\n<td style=\"border: 1px solid #000000;\"><span style=\"font-family: arial, helvetica, sans-serif;\">Pr\u00e1ctica Docente III<\/span><br \/>\n<span style=\"font-family: arial, helvetica, sans-serif;\">Todas las unidades curriculares de la Formaci\u00f3n Espec\u00edfica de 3\u00ba a\u00f1o<\/span><\/td>\n<td style=\"border: 1px solid #000000;\"><span style=\"font-family: arial, helvetica, sans-serif;\">Pr\u00e1ctica Docente II<\/span><br \/>\n<span style=\"font-family: arial, helvetica, sans-serif;\">Todas las unidades curriculares de la Formaci\u00f3n Espec\u00edfica de 2\u00ba a\u00f1o<\/span><\/td>\n<\/tr>\n<\/tbody>\n<\/table>\n","protected":false},"excerpt":{"rendered":"<p>Profesorado de Artes en Danza Dise\u00f1o 2015: \u00a0Descargar archivo en PDF\u00a0 Dise\u00f1o 2011: Para cursar Debe tener cursada Debe tener aprobada Sociolog\u00eda de la Educaci\u00f3n Pedagog\u00eda Filosof\u00eda de la Educaci\u00f3n Did\u00e1ctica General Pedagog\u00eda Psicolog\u00eda Educacional Historia Sociocultural del Arte Filosof\u00eda de la Educaci\u00f3n Did\u00e1ctica de la Danza I Pedagog\u00eda Psicolog\u00eda Educacional T\u00e9cnicas de la Danzas &#8230; <a title=\"R\u00e9gimen de Correlatividades\" class=\"read-more\" href=\"https:\/\/crear-lpa.infd.edu.ar\/sitio\/regimen-de-correlatividades-3\/\" aria-label=\"More on R\u00e9gimen de Correlatividades\">[+]<\/a><\/p>\n","protected":false},"author":7,"featured_media":0,"parent":0,"menu_order":0,"comment_status":"closed","ping_status":"closed","template":"","meta":[],"acf":[],"_links":{"self":[{"href":"https:\/\/crear-lpa.infd.edu.ar\/sitio\/wp-json\/wp\/v2\/pages\/963"}],"collection":[{"href":"https:\/\/crear-lpa.infd.edu.ar\/sitio\/wp-json\/wp\/v2\/pages"}],"about":[{"href":"https:\/\/crear-lpa.infd.edu.ar\/sitio\/wp-json\/wp\/v2\/types\/page"}],"author":[{"embeddable":true,"href":"https:\/\/crear-lpa.infd.edu.ar\/sitio\/wp-json\/wp\/v2\/users\/7"}],"replies":[{"embeddable":true,"href":"https:\/\/crear-lpa.infd.edu.ar\/sitio\/wp-json\/wp\/v2\/comments?post=963"}],"version-history":[{"count":4,"href":"https:\/\/crear-lpa.infd.edu.ar\/sitio\/wp-json\/wp\/v2\/pages\/963\/revisions"}],"predecessor-version":[{"id":1100,"href":"https:\/\/crear-lpa.infd.edu.ar\/sitio\/wp-json\/wp\/v2\/pages\/963\/revisions\/1100"}],"wp:attachment":[{"href":"https:\/\/crear-lpa.infd.edu.ar\/sitio\/wp-json\/wp\/v2\/media?parent=963"}],"curies":[{"name":"wp","href":"https:\/\/api.w.org\/{rel}","templated":true}]}}